{"id":3982,"date":"2025-07-18T09:33:25","date_gmt":"2025-07-18T14:33:25","guid":{"rendered":"https:\/\/tecnnova.org\/portafolio-de-capacidades\/?post_type=product&#038;p=3982"},"modified":"2025-07-18T09:33:25","modified_gmt":"2025-07-18T14:33:25","slug":"fomento-de-liderazgos-locales-para-impulsar-capacidades-de-construccion-de-paz-en-zonas-de-conflicto","status":"publish","type":"product","link":"https:\/\/tecnnova.org\/portafolio-de-capacidades\/tienda\/cultura-y-sociedad\/fomento-de-liderazgos-locales-para-impulsar-capacidades-de-construccion-de-paz-en-zonas-de-conflicto\/","title":{"rendered":"Fomento de liderazgos locales para impulsar capacidades de construcci\u00f3n de paz en zonas de conflicto"},"content":{"rendered":"<p>Esta capacidad permite desarrollar y fortalecer el capital social local, empoderando a los actores territoriales para que sean agentes activos en la transformaci\u00f3n de sus propios contextos de conflicto. El fomento de liderazgos locales asegura que las iniciativas de paz est\u00e9n profundamente arraigadas en el conocimiento y la legitimidad local, lo que aumenta significativamente su impacto y durabilidad. Adem\u00e1s, esta aproximaci\u00f3n contribuye a la creaci\u00f3n de redes de apoyo y solidaridad que pueden sostener los procesos de paz a largo plazo, incluso en ausencia de intervenci\u00f3n externa.<\/p>\n","protected":false},"excerpt":{"rendered":"<p>Esta capacidad permite desarrollar y fortalecer el capital social local, empoderando a los actores territoriales para que sean agentes activos en la transformaci\u00f3n de sus propios contextos de conflicto. El fomento de liderazgos locales asegura que las iniciativas de paz est\u00e9n profundamente arraigadas en el conocimiento y la legitimidad local, lo que aumenta significativamente su [&hellip;]<\/p>\n","protected":false},"featured_media":905,"template":"","meta":{"_acf_changed":false},"product_cat":[2629],"product_tag":[],"class_list":{"0":"post-3982","1":"product","2":"type-product","3":"status-publish","4":"has-post-thumbnail","6":"product_cat-cultura-y-sociedad","8":"first","9":"instock","10":"shipping-taxable","11":"product-type-simple"},"acf":[],"yoast_head":"<!-- This site is optimized with the Yoast SEO plugin v23.3 - https:\/\/yoast.com\/wordpress\/plugins\/seo\/ -->\n<title>Fomento de liderazgos locales para impulsar capacidades de construcci\u00f3n de paz en zonas de conflicto - Portafolio de capacidades - Tecnnova<\/title>\n<meta name=\"robots\" content=\"index, follow, max-snippet:-1, max-image-preview:large, max-video-preview:-1\" \/>\n<link rel=\"canonical\" href=\"https:\/\/tecnnova.org\/portafolio-de-capacidades\/tienda\/cultura-y-sociedad\/fomento-de-liderazgos-locales-para-impulsar-capacidades-de-construccion-de-paz-en-zonas-de-conflicto\/\" \/>\n<meta property=\"og:locale\" content=\"es_ES\" \/>\n<meta property=\"og:type\" content=\"article\" \/>\n<meta property=\"og:title\" content=\"Fomento de liderazgos locales para impulsar capacidades de construcci\u00f3n de paz en zonas de conflicto - Portafolio de capacidades - Tecnnova\" \/>\n<meta property=\"og:description\" content=\"Esta capacidad permite desarrollar y fortalecer el capital social local, empoderando a los actores territoriales para que sean agentes activos en la transformaci\u00f3n de sus propios contextos de conflicto. El fomento de liderazgos locales asegura que las iniciativas de paz est\u00e9n profundamente arraigadas en el conocimiento y la legitimidad local, lo que aumenta significativamente su [&hellip;]\" \/>\n<meta property=\"og:url\" content=\"https:\/\/tecnnova.org\/portafolio-de-capacidades\/tienda\/cultura-y-sociedad\/fomento-de-liderazgos-locales-para-impulsar-capacidades-de-construccion-de-paz-en-zonas-de-conflicto\/\" \/>\n<meta property=\"og:site_name\" content=\"Portafolio de capacidades - Tecnnova\" \/>\n<meta property=\"article:publisher\" content=\"https:\/\/www.facebook.com\/Tecnnova_UEE-637591033015381\" \/>\n<meta property=\"og:image\" content=\"https:\/\/tecnnova.org\/portafolio-de-capacidades\/wp-content\/uploads\/2024\/08\/iconcultura.png\" \/>\n\t<meta property=\"og:image:width\" content=\"100\" \/>\n\t<meta property=\"og:image:height\" content=\"100\" \/>\n\t<meta property=\"og:image:type\" content=\"image\/png\" \/>\n<meta name=\"twitter:card\" content=\"summary_large_image\" \/>\n<meta name=\"twitter:site\" content=\"@Tecnnova_UEE\" \/>\n<meta name=\"twitter:label1\" content=\"Tiempo de lectura\" \/>\n\t<meta name=\"twitter:data1\" content=\"1 minuto\" \/>\n<script type=\"application\/ld+json\" class=\"yoast-schema-graph\">{\"@context\":\"https:\/\/schema.org\",\"@graph\":[{\"@type\":\"WebPage\",\"@id\":\"https:\/\/tecnnova.org\/portafolio-de-capacidades\/tienda\/cultura-y-sociedad\/fomento-de-liderazgos-locales-para-impulsar-capacidades-de-construccion-de-paz-en-zonas-de-conflicto\/\",\"url\":\"https:\/\/tecnnova.org\/portafolio-de-capacidades\/tienda\/cultura-y-sociedad\/fomento-de-liderazgos-locales-para-impulsar-capacidades-de-construccion-de-paz-en-zonas-de-conflicto\/\",\"name\":\"Fomento de liderazgos locales para impulsar capacidades de construcci\u00f3n de paz en zonas de conflicto - Portafolio de capacidades - Tecnnova\",\"isPartOf\":{\"@id\":\"https:\/\/tecnnova.org\/portafolio-de-capacidades\/#website\"},\"primaryImageOfPage\":{\"@id\":\"https:\/\/tecnnova.org\/portafolio-de-capacidades\/tienda\/cultura-y-sociedad\/fomento-de-liderazgos-locales-para-impulsar-capacidades-de-construccion-de-paz-en-zonas-de-conflicto\/#primaryimage\"},\"image\":{\"@id\":\"https:\/\/tecnnova.org\/portafolio-de-capacidades\/tienda\/cultura-y-sociedad\/fomento-de-liderazgos-locales-para-impulsar-capacidades-de-construccion-de-paz-en-zonas-de-conflicto\/#primaryimage\"},\"thumbnailUrl\":\"https:\/\/tecnnova.org\/portafolio-de-capacidades\/wp-content\/uploads\/2024\/08\/iconcultura.png\",\"datePublished\":\"2025-07-18T14:33:25+00:00\",\"dateModified\":\"2025-07-18T14:33:25+00:00\",\"breadcrumb\":{\"@id\":\"https:\/\/tecnnova.org\/portafolio-de-capacidades\/tienda\/cultura-y-sociedad\/fomento-de-liderazgos-locales-para-impulsar-capacidades-de-construccion-de-paz-en-zonas-de-conflicto\/#breadcrumb\"},\"inLanguage\":\"es-CO\",\"potentialAction\":[{\"@type\":\"ReadAction\",\"target\":[\"https:\/\/tecnnova.org\/portafolio-de-capacidades\/tienda\/cultura-y-sociedad\/fomento-de-liderazgos-locales-para-impulsar-capacidades-de-construccion-de-paz-en-zonas-de-conflicto\/\"]}]},{\"@type\":\"ImageObject\",\"inLanguage\":\"es-CO\",\"@id\":\"https:\/\/tecnnova.org\/portafolio-de-capacidades\/tienda\/cultura-y-sociedad\/fomento-de-liderazgos-locales-para-impulsar-capacidades-de-construccion-de-paz-en-zonas-de-conflicto\/#primaryimage\",\"url\":\"https:\/\/tecnnova.org\/portafolio-de-capacidades\/wp-content\/uploads\/2024\/08\/iconcultura.png\",\"contentUrl\":\"https:\/\/tecnnova.org\/portafolio-de-capacidades\/wp-content\/uploads\/2024\/08\/iconcultura.png\",\"width\":100,\"height\":100},{\"@type\":\"BreadcrumbList\",\"@id\":\"https:\/\/tecnnova.org\/portafolio-de-capacidades\/tienda\/cultura-y-sociedad\/fomento-de-liderazgos-locales-para-impulsar-capacidades-de-construccion-de-paz-en-zonas-de-conflicto\/#breadcrumb\",\"itemListElement\":[{\"@type\":\"ListItem\",\"position\":1,\"name\":\"Inicio\",\"item\":\"https:\/\/tecnnova.org\/portafolio-de-capacidades\/\"},{\"@type\":\"ListItem\",\"position\":2,\"name\":\"Portafolio de Capacidades\",\"item\":\"https:\/\/tecnnova.org\/portafolio-de-capacidades\/\"},{\"@type\":\"ListItem\",\"position\":3,\"name\":\"Fomento de liderazgos locales para impulsar capacidades de construcci\u00f3n de paz en zonas de conflicto\"}]},{\"@type\":\"WebSite\",\"@id\":\"https:\/\/tecnnova.org\/portafolio-de-capacidades\/#website\",\"url\":\"https:\/\/tecnnova.org\/portafolio-de-capacidades\/\",\"name\":\"Portafolio de capacidades - Tecnnova\",\"description\":\"\",\"publisher\":{\"@id\":\"https:\/\/tecnnova.org\/portafolio-de-capacidades\/#organization\"},\"potentialAction\":[{\"@type\":\"SearchAction\",\"target\":{\"@type\":\"EntryPoint\",\"urlTemplate\":\"https:\/\/tecnnova.org\/portafolio-de-capacidades\/?s={search_term_string}\"},\"query-input\":\"required name=search_term_string\"}],\"inLanguage\":\"es-CO\"},{\"@type\":\"Organization\",\"@id\":\"https:\/\/tecnnova.org\/portafolio-de-capacidades\/#organization\",\"name\":\"Portafolio de capacidades - Tecnnova\",\"url\":\"https:\/\/tecnnova.org\/portafolio-de-capacidades\/\",\"logo\":{\"@type\":\"ImageObject\",\"inLanguage\":\"es-CO\",\"@id\":\"https:\/\/tecnnova.org\/portafolio-de-capacidades\/#\/schema\/logo\/image\/\",\"url\":\"https:\/\/tecnnova.org\/portafolio-de-capacidades\/wp-content\/uploads\/2024\/07\/cropped-TECNNOVA-2022-02.png\",\"contentUrl\":\"https:\/\/tecnnova.org\/portafolio-de-capacidades\/wp-content\/uploads\/2024\/07\/cropped-TECNNOVA-2022-02.png\",\"width\":1609,\"height\":428,\"caption\":\"Portafolio de capacidades - Tecnnova\"},\"image\":{\"@id\":\"https:\/\/tecnnova.org\/portafolio-de-capacidades\/#\/schema\/logo\/image\/\"},\"sameAs\":[\"https:\/\/www.facebook.com\/Tecnnova_UEE-637591033015381\",\"https:\/\/x.com\/Tecnnova_UEE\"]}]}<\/script>\n<!-- \/ Yoast SEO plugin. -->","yoast_head_json":{"title":"Fomento de liderazgos locales para impulsar capacidades de construcci\u00f3n de paz en zonas de conflicto - Portafolio de capacidades - Tecnnova","robots":{"index":"index","follow":"follow","max-snippet":"max-snippet:-1","max-image-preview":"max-image-preview:large","max-video-preview":"max-video-preview:-1"},"canonical":"https:\/\/tecnnova.org\/portafolio-de-capacidades\/tienda\/cultura-y-sociedad\/fomento-de-liderazgos-locales-para-impulsar-capacidades-de-construccion-de-paz-en-zonas-de-conflicto\/","og_locale":"es_ES","og_type":"article","og_title":"Fomento de liderazgos locales para impulsar capacidades de construcci\u00f3n de paz en zonas de conflicto - Portafolio de capacidades - Tecnnova","og_description":"Esta capacidad permite desarrollar y fortalecer el capital social local, empoderando a los actores territoriales para que sean agentes activos en la transformaci\u00f3n de sus propios contextos de conflicto. El fomento de liderazgos locales asegura que las iniciativas de paz est\u00e9n profundamente arraigadas en el conocimiento y la legitimidad local, lo que aumenta significativamente su [&hellip;]","og_url":"https:\/\/tecnnova.org\/portafolio-de-capacidades\/tienda\/cultura-y-sociedad\/fomento-de-liderazgos-locales-para-impulsar-capacidades-de-construccion-de-paz-en-zonas-de-conflicto\/","og_site_name":"Portafolio de capacidades - Tecnnova","article_publisher":"https:\/\/www.facebook.com\/Tecnnova_UEE-637591033015381","og_image":[{"width":100,"height":100,"url":"https:\/\/tecnnova.org\/portafolio-de-capacidades\/wp-content\/uploads\/2024\/08\/iconcultura.png","type":"image\/png"}],"twitter_card":"summary_large_image","twitter_site":"@Tecnnova_UEE","twitter_misc":{"Tiempo de lectura":"1 minuto"},"schema":{"@context":"https:\/\/schema.org","@graph":[{"@type":"WebPage","@id":"https:\/\/tecnnova.org\/portafolio-de-capacidades\/tienda\/cultura-y-sociedad\/fomento-de-liderazgos-locales-para-impulsar-capacidades-de-construccion-de-paz-en-zonas-de-conflicto\/","url":"https:\/\/tecnnova.org\/portafolio-de-capacidades\/tienda\/cultura-y-sociedad\/fomento-de-liderazgos-locales-para-impulsar-capacidades-de-construccion-de-paz-en-zonas-de-conflicto\/","name":"Fomento de liderazgos locales para impulsar capacidades de construcci\u00f3n de paz en zonas de conflicto - Portafolio de capacidades - Tecnnova","isPartOf":{"@id":"https:\/\/tecnnova.org\/portafolio-de-capacidades\/#website"},"primaryImageOfPage":{"@id":"https:\/\/tecnnova.org\/portafolio-de-capacidades\/tienda\/cultura-y-sociedad\/fomento-de-liderazgos-locales-para-impulsar-capacidades-de-construccion-de-paz-en-zonas-de-conflicto\/#primaryimage"},"image":{"@id":"https:\/\/tecnnova.org\/portafolio-de-capacidades\/tienda\/cultura-y-sociedad\/fomento-de-liderazgos-locales-para-impulsar-capacidades-de-construccion-de-paz-en-zonas-de-conflicto\/#primaryimage"},"thumbnailUrl":"https:\/\/tecnnova.org\/portafolio-de-capacidades\/wp-content\/uploads\/2024\/08\/iconcultura.png","datePublished":"2025-07-18T14:33:25+00:00","dateModified":"2025-07-18T14:33:25+00:00","breadcrumb":{"@id":"https:\/\/tecnnova.org\/portafolio-de-capacidades\/tienda\/cultura-y-sociedad\/fomento-de-liderazgos-locales-para-impulsar-capacidades-de-construccion-de-paz-en-zonas-de-conflicto\/#breadcrumb"},"inLanguage":"es-CO","potentialAction":[{"@type":"ReadAction","target":["https:\/\/tecnnova.org\/portafolio-de-capacidades\/tienda\/cultura-y-sociedad\/fomento-de-liderazgos-locales-para-impulsar-capacidades-de-construccion-de-paz-en-zonas-de-conflicto\/"]}]},{"@type":"ImageObject","inLanguage":"es-CO","@id":"https:\/\/tecnnova.org\/portafolio-de-capacidades\/tienda\/cultura-y-sociedad\/fomento-de-liderazgos-locales-para-impulsar-capacidades-de-construccion-de-paz-en-zonas-de-conflicto\/#primaryimage","url":"https:\/\/tecnnova.org\/portafolio-de-capacidades\/wp-content\/uploads\/2024\/08\/iconcultura.png","contentUrl":"https:\/\/tecnnova.org\/portafolio-de-capacidades\/wp-content\/uploads\/2024\/08\/iconcultura.png","width":100,"height":100},{"@type":"BreadcrumbList","@id":"https:\/\/tecnnova.org\/portafolio-de-capacidades\/tienda\/cultura-y-sociedad\/fomento-de-liderazgos-locales-para-impulsar-capacidades-de-construccion-de-paz-en-zonas-de-conflicto\/#breadcrumb","itemListElement":[{"@type":"ListItem","position":1,"name":"Inicio","item":"https:\/\/tecnnova.org\/portafolio-de-capacidades\/"},{"@type":"ListItem","position":2,"name":"Portafolio de Capacidades","item":"https:\/\/tecnnova.org\/portafolio-de-capacidades\/"},{"@type":"ListItem","position":3,"name":"Fomento de liderazgos locales para impulsar capacidades de construcci\u00f3n de paz en zonas de conflicto"}]},{"@type":"WebSite","@id":"https:\/\/tecnnova.org\/portafolio-de-capacidades\/#website","url":"https:\/\/tecnnova.org\/portafolio-de-capacidades\/","name":"Portafolio de capacidades - Tecnnova","description":"","publisher":{"@id":"https:\/\/tecnnova.org\/portafolio-de-capacidades\/#organization"},"potentialAction":[{"@type":"SearchAction","target":{"@type":"EntryPoint","urlTemplate":"https:\/\/tecnnova.org\/portafolio-de-capacidades\/?s={search_term_string}"},"query-input":"required name=search_term_string"}],"inLanguage":"es-CO"},{"@type":"Organization","@id":"https:\/\/tecnnova.org\/portafolio-de-capacidades\/#organization","name":"Portafolio de capacidades - Tecnnova","url":"https:\/\/tecnnova.org\/portafolio-de-capacidades\/","logo":{"@type":"ImageObject","inLanguage":"es-CO","@id":"https:\/\/tecnnova.org\/portafolio-de-capacidades\/#\/schema\/logo\/image\/","url":"https:\/\/tecnnova.org\/portafolio-de-capacidades\/wp-content\/uploads\/2024\/07\/cropped-TECNNOVA-2022-02.png","contentUrl":"https:\/\/tecnnova.org\/portafolio-de-capacidades\/wp-content\/uploads\/2024\/07\/cropped-TECNNOVA-2022-02.png","width":1609,"height":428,"caption":"Portafolio de capacidades - Tecnnova"},"image":{"@id":"https:\/\/tecnnova.org\/portafolio-de-capacidades\/#\/schema\/logo\/image\/"},"sameAs":["https:\/\/www.facebook.com\/Tecnnova_UEE-637591033015381","https:\/\/x.com\/Tecnnova_UEE"]}]}},"_links":{"self":[{"href":"https:\/\/tecnnova.org\/portafolio-de-capacidades\/wp-json\/wp\/v2\/product\/3982","targetHints":{"allow":["GET"]}}],"collection":[{"href":"https:\/\/tecnnova.org\/portafolio-de-capacidades\/wp-json\/wp\/v2\/product"}],"about":[{"href":"https:\/\/tecnnova.org\/portafolio-de-capacidades\/wp-json\/wp\/v2\/types\/product"}],"version-history":[{"count":1,"href":"https:\/\/tecnnova.org\/portafolio-de-capacidades\/wp-json\/wp\/v2\/product\/3982\/revisions"}],"predecessor-version":[{"id":3983,"href":"https:\/\/tecnnova.org\/portafolio-de-capacidades\/wp-json\/wp\/v2\/product\/3982\/revisions\/3983"}],"wp:featuredmedia":[{"embeddable":true,"href":"https:\/\/tecnnova.org\/portafolio-de-capacidades\/wp-json\/wp\/v2\/media\/905"}],"wp:attachment":[{"href":"https:\/\/tecnnova.org\/portafolio-de-capacidades\/wp-json\/wp\/v2\/media?parent=3982"}],"wp:term":[{"taxonomy":"product_cat","embeddable":true,"href":"https:\/\/tecnnova.org\/portafolio-de-capacidades\/wp-json\/wp\/v2\/product_cat?post=3982"},{"taxonomy":"product_tag","embeddable":true,"href":"https:\/\/tecnnova.org\/portafolio-de-capacidades\/wp-json\/wp\/v2\/product_tag?post=3982"}],"curies":[{"name":"wp","href":"https:\/\/api.w.org\/{rel}","templated":true}]}}